{"id":40,"date":"2020-03-28T14:09:21","date_gmt":"2020-03-28T14:09:21","guid":{"rendered":"http:\/\/www.federation-belge-de-genealogie.geneafrancobelge.eu\/index.php\/mesmerize\/"},"modified":"2020-04-29T10:25:14","modified_gmt":"2020-04-29T10:25:14","slug":"mesmerize","status":"publish","type":"page","link":"https:\/\/www.federation-belge-de-genealogie.geneafrancobelge.eu\/","title":{"rendered":"Front Page"},"content":{"rendered":"<div  class=\"overlappable-7-mc content-section content-section-spacing\" id=\"overlappable-1\" style=\"height: auto !important;\" data-id=\"overlappable-7-mc\" data-export-id=\"overlappable-7-mc\" data-category=\"overlappable\" data-overlap=\"true\" data-label=\"Overlappable\"><div  class=\"gridContainer\" style=\"height: auto !important;\"> <div  class=\"row shadow\" style=\"height: auto !important;\" data-type=\"row\"><div  class=\"col-xs-12 col-sm-6 col-md-3 col-padding-small col-padding-small-xs bg-color-white\" style=\"height: auto !important;\"> <div  class=\"text-center\" style=\"height: auto !important;\"><div  class=\"col-xs-12 col-sm-fit space-bottom-small-xs\"> <i  class=\"fa fa-refresh icon color-black large\"><\/i><\/div> <div  class=\"col-xs-12 col-sm\" style=\"height: auto !important;\" data-type=\"column\"><h4  class=\"\">La g\u00e9n\u00e9alogie<\/h4> <p  class=\"\">Comment retrouvez ses anc\u00eatres<\/p><a  class=\"link\" href=\"http:\/\/www.geneactes.be\" target=\"_self\" data-cp-link=\"1\" rel=\"noopener noreferrer\">geneactes.be<\/a><\/div> <\/div><\/div> <div  class=\"col-xs-12 col-sm-6 col-md-3 col-padding-small col-padding-small-xs bg-color-white\"><div  class=\"text-center\"> <div  class=\"col-xs-12 col-sm-fit space-bottom-small-xs\"><i  class=\"fa fa-paper-plane icon color-black large\"><\/i><\/div> <div  class=\"col-xs-12 col-sm\" data-type=\"column\"><h4  class=\"\">Carte postale<\/h4> <p  class=\"\">Plus de 14 000 cartes postales anciennes<\/p><a  class=\"link\" href=\"http:\/\/www.geneactes.eu\" target=\"_self\" data-cp-link=\"1\" rel=\"noopener noreferrer\">geneactes.eu<\/a><\/div> <\/div><\/div> <div  class=\"col-xs-12 col-sm-6 col-md-3 col-padding-small col-padding-small-xs bg-color-white\"><div  class=\"text-center\"> <div  class=\"col-xs-12 col-sm-fit space-bottom-small-xs\"><i  class=\"fa fa-shopping-cart icon color-black large\"><\/i><\/div> <div  class=\"col-xs-12 col-sm\" data-type=\"column\"><h4  class=\"\">La boutique<\/h4> <p  class=\"\">plus de 10 000 titres de livres sur la g\u00e9n\u00e9alogie<\/p><a  class=\"link\" href=\"http:\/\/www.librairie-genealogique.com\" target=\"_self\" data-cp-link=\"1\" rel=\"noopener noreferrer\">Librairie g\u00e9n\u00e9alogique<\/a><\/div> <\/div><\/div> <div  class=\"col-xs-12 col-sm-6 col-md-3 col-padding-small col-padding-small-xs bg-color-white\"><div  class=\"text-center\"> <div  class=\"col-xs-12 col-sm-fit space-bottom-small-xs\"><i  class=\"fa fa-heart-o icon color-black large\"><\/i><\/div> <div  class=\"col-xs-12 col-sm\" data-type=\"column\"><h4  class=\"\">les noms de famille<\/h4> <p  class=\"\">Combien de personnes portent votre nom en Belgique<\/p><a  class=\"link\" href=\"http:\/\/nom-de-famille.geneafrancobelge.eu\/noms-de-famille-belgique.php\" target=\"_self\" data-cp-link=\"1\" rel=\"noopener noreferrer\">noms de famille en belgique<\/a><\/div> <\/div><\/div> <\/div><\/div> <\/div><div  class=\"about-images-right-section content-section content-section-spacing\" id=\"about-1\" style=\"background-image: none; background-color: rgb(245, 250, 253);\" data-id=\"about-images-right-section-mc\" data-export-id=\"about-images-right-section-mc\" data-category=\"about\" data-label=\"About\"><div  class=\"gridContainer\"> <div  class=\"row middle-sm text-center\"><div  class=\"col-sm-5 content-left-sm\" data-type=\"column\"> <h5  class=\"\">F\u00e9d\u00e9ration Belge de G\u00e9n\u00e9alogie<\/h5> <h2  class=\"\">La F\u00e9d\u00e9ration Belge de G\u00e9n\u00e9alogie est une association cr\u00e9\u00e9e en 2019. Elle regroupe actuellement plusieurs associations r\u00e9unies en Union G\u00e9n\u00e9alogique <\/h2> <p  class=\"\">Ses objectifs sont : <br >Coordination et promotion des activit\u00e9s g\u00e9n\u00e9alogiques et annexes.<br >Repr\u00e9sentation de ses membres aupr\u00e8s des pouvoirs publics, des organismes \u00e9trangers analogues et des instances nationales ou internationales.<br >Mise en \u0153uvre d\u2019actions ou de r\u00e9alisations d\u2019int\u00e9r\u00eat g\u00e9n\u00e9ral.<br >Conseiller, Informer, d\u00e9fendre, assister, tant pour ses membres que pour la g\u00e9n\u00e9alogie en g\u00e9n\u00e9ral.<\/p> <a  class=\"button color1\" href=\"https:\/\/geneafrancobelge.eu\" target=\"_self\" data-cp-link=\"1\" rel=\"noopener noreferrer\">GENEAFRANCOBELGE<\/a><\/div> <div  class=\"col-sm-7 space-bottom-xs\"><div  class=\"image-group-side-3-img\"> <img decoding=\"async\"  title=\"cropped-300px-Bw-communes-NDE-1.png\" class=\"topimg shadow-large\" alt=\"\" src=\"http:\/\/www.federation-belge-de-genealogie.geneafrancobelge.eu\/wp-content\/uploads\/2020\/03\/cropped-Capture-15-2.jpg\"> <a  href=\"#\" target=\"_self\" data-cp-link=\"1\" rel=\"noopener noreferrer\"><img decoding=\"async\"  title=\"cropped-300px-Luxembourg-communes-nde.png\" class=\"rightimg shadow-large\" alt=\"\" src=\"\"><\/a> <div  class=\"leftimg\"> <a  href=\"#\" target=\"_self\" data-cp-link=\"1\" rel=\"noopener noreferrer\"><img decoding=\"async\"  title=\"cropped-350px-Namur-communes-nde.png\" class=\"shadow-large\" alt=\"\" src=\"\"><\/a><\/div> <\/div><\/div> <\/div><\/div> <\/div><div  class=\"content-3 content-section content-section-spacing\" id=\"content-14\" style=\"background-color: rgb(245, 250, 253);\" data-id=\"content-3\" data-export-id=\"content-3\" data-category=\"content\" data-label=\"Content\"><div > <div  class=\"row middle-xs\"><div  class=\"col-sm-7 full-col-left-padding full-col-right-padding\"> <div  class=\"row\"><div  class=\"space-bottom-small content-title-col\" data-type=\"column\"> <h5  class=\"\">La Guerre de 14-18 et 39-45<\/h5><h2  class=\"\">Nos bases de donn\u00e9es<\/h2> <p  class=\"\"><\/p><\/div> <\/div> <div  class=\"row spaced-cols\" data-type=\"row\"> <div  class=\"col-xs-6\" data-type=\"column\"> <h5  class=\"\">Base collaboratif<\/h5> <a  class=\"link\" href=\"http:\/\/base-collaboratif.geneactes.be\/index.php?ctype=gedcom&amp;ged=base-collaboratif\" target=\"_self\" data-cp-link=\"1\" rel=\"noopener noreferrer\">Voir<\/a><\/div> <div  class=\"col-xs-6\" data-type=\"column\"><h5  class=\"\">14-18 Belgique<\/h5> <a  class=\"link\" href=\"https:\/\/www.geneactes.be\/index.php?ctype=gedcom&amp;ged=tree18\" target=\"_self\" data-cp-link=\"1\" rel=\"noopener noreferrer\">Voir<\/a><\/div>   <\/div><\/div> <div  class=\"col-sm-5 bg-image shadow-large-black revert-classes-holder\" style=\"background-image: url(&quot;http:\/\/www.federation-belge-de-genealogie.geneafrancobelge.eu\/wp-content\/uploads\/2020\/03\/cropped-mplf.jpg&quot;);\" data-bg=\"image\"><\/div><\/div> <\/div><\/div><div  class=\"portfolio-4 content-section content-section-spacing-top\" id=\"portfolio-3\" style=\"background-color: rgb(255, 255, 255);\" data-id=\"portfolio-4\" data-export-id=\"portfolio-4\" data-category=\"portfolio\" data-label=\"Portfolio\"><div > <div  class=\"row text-center\"><div  class=\"section-title-col\" data-type=\"column\"><h2  class=\"\">Les Blasons<\/h2> <p  class=\"lead\"><\/p><\/div> <\/div> <div  class=\"row\" data-type=\"row\" data-fixed=\"true\"> <div  class=\"col-xs-12 col-sm-3 no-gutter-col\"> <div  class=\"contentswap-effect\" data-hover-fx=\"portfolio-4\"> <div  class=\"initial-image\"> <img decoding=\"async\"  src=\"http:\/\/www.federation-belge-de-genealogie.geneafrancobelge.eu\/wp-content\/uploads\/2020\/03\/cropped-Namur.jpg\" data-size=\"542x360\"><\/div> <div  class=\"overlay bg-color1\"><\/div> <div  class=\"swap-inner col-xs-12\"> <div  class=\"row full-height-row middle-xs middle-sm\"> <div  class=\"col-xs-12 text-center content-holder\"> <a  href=\"#\" target=\"_self\" rel=\"noopener noreferrer\"><i  class=\"fa icon portfolio-icon fa-search big\" aria-hidden=\"true\"><\/i><\/a><\/div> <\/div><\/div> <\/div><\/div> <div  class=\"col-xs-12 col-sm-3 no-gutter-col\"><div  class=\"contentswap-effect\" data-hover-fx=\"portfolio-4\"> <div  class=\"initial-image\"> <img decoding=\"async\"  src=\"http:\/\/www.federation-belge-de-genealogie.geneafrancobelge.eu\/wp-content\/uploads\/2020\/03\/cropped-Luxembourg.jpg\" data-size=\"542x360\"><\/div> <div  class=\"overlay bg-color1\"><\/div> <div  class=\"swap-inner col-xs-12\"> <div  class=\"row full-height-row middle-xs middle-sm\"> <div  class=\"col-xs-12 text-center content-holder\"> <a  href=\"#\" target=\"_self\" rel=\"noopener noreferrer\"><i  class=\"fa icon portfolio-icon fa-search big\" aria-hidden=\"true\"><\/i><\/a><\/div> <\/div><\/div> <\/div><\/div> <div  class=\"col-xs-12 col-sm-3 no-gutter-col\"><div  class=\"contentswap-effect\" data-hover-fx=\"portfolio-4\"> <div  class=\"initial-image\"> <img decoding=\"async\"  src=\"http:\/\/www.federation-belge-de-genealogie.geneafrancobelge.eu\/wp-content\/uploads\/2020\/03\/cropped-Anvers.jpg\" data-size=\"542x360\"><\/div> <div  class=\"overlay bg-color1\"><\/div> <div  class=\"swap-inner col-xs-12\"> <div  class=\"row full-height-row middle-xs middle-sm\"> <div  class=\"col-xs-12 text-center content-holder\"> <a  href=\"#\" target=\"_self\" data-cp-link=\"1\" rel=\"noopener noreferrer\"><\/a><\/div> <\/div><\/div> <\/div><\/div> <div  class=\"col-xs-12 col-sm-3 no-gutter-col\"><div  class=\"contentswap-effect\" data-hover-fx=\"portfolio-4\"> <div  class=\"initial-image\"> <img decoding=\"async\"  src=\"http:\/\/www.federation-belge-de-genealogie.geneafrancobelge.eu\/wp-content\/uploads\/2020\/03\/cropped-Limbourg.jpg\" data-size=\"542x360\"><\/div> <div  class=\"overlay bg-color1\"><\/div> <div  class=\"swap-inner col-xs-12\"> <div  class=\"row full-height-row middle-xs middle-sm\"> <div  class=\"col-xs-12 text-center content-holder\"> <a  href=\"#\" target=\"_self\" rel=\"noopener noreferrer\"><i  class=\"fa icon portfolio-icon fa-search big\" aria-hidden=\"true\"><\/i><\/a><\/div> <\/div><\/div> <\/div><\/div> <div  class=\"col-xs-12 col-sm-3 no-gutter-col\"><div  class=\"contentswap-effect\" data-hover-fx=\"portfolio-4\"> <div  class=\"initial-image\"> <img decoding=\"async\"  src=\"http:\/\/www.federation-belge-de-genealogie.geneafrancobelge.eu\/wp-content\/uploads\/2020\/03\/cropped-Oost-Vlaanderen.jpg\" data-size=\"542x360\"><\/div> <div  class=\"overlay bg-color1\"><\/div> <div  class=\"swap-inner col-xs-12\"> <div  class=\"row full-height-row middle-xs middle-sm\"> <div  class=\"col-xs-12 text-center content-holder\"> <a  href=\"#\" target=\"_self\" rel=\"noopener noreferrer\"><i  class=\"fa icon portfolio-icon fa-search big\" aria-hidden=\"true\"><\/i><\/a><\/div> <\/div><\/div> <\/div><\/div> <div  class=\"col-xs-12 col-sm-3 no-gutter-col\"><div  class=\"contentswap-effect\" data-hover-fx=\"portfolio-4\"> <div  class=\"initial-image\"> <img decoding=\"async\"  src=\"http:\/\/www.federation-belge-de-genealogie.geneafrancobelge.eu\/wp-content\/uploads\/2020\/03\/cropped-West-Vlaanderen.jpg\" data-size=\"542x360\"><\/div> <div  class=\"overlay bg-color1\"><\/div> <div  class=\"swap-inner col-xs-12\"> <div  class=\"row full-height-row middle-xs middle-sm\"> <div  class=\"col-xs-12 text-center content-holder\"> <a  href=\"#\" target=\"_self\" rel=\"noopener noreferrer\"><i  class=\"fa icon portfolio-icon fa-search big\" aria-hidden=\"true\"><\/i><\/a><\/div> <\/div><\/div> <\/div><\/div> <div  class=\"col-xs-12 col-sm-3 no-gutter-col\"><div  class=\"contentswap-effect\" data-hover-fx=\"portfolio-4\"> <div  class=\"initial-image\"> <img decoding=\"async\"  src=\"http:\/\/www.federation-belge-de-genealogie.geneafrancobelge.eu\/wp-content\/uploads\/2020\/03\/cropped-Li\u00e8ge.jpg\" data-size=\"542x360\"><\/div> <div  class=\"overlay bg-color1\"><\/div> <div  class=\"swap-inner col-xs-12\"> <div  class=\"row full-height-row middle-xs middle-sm\"> <div  class=\"col-xs-12 text-center content-holder\"> <a  href=\"#\" target=\"_self\" rel=\"noopener noreferrer\"><i  class=\"fa icon portfolio-icon fa-search big\" aria-hidden=\"true\"><\/i><\/a><\/div> <\/div><\/div> <\/div><\/div> <div  class=\"col-xs-12 col-sm-3 no-gutter-col\"><div  class=\"contentswap-effect\" data-hover-fx=\"portfolio-4\"> <div  class=\"initial-image\"> <img decoding=\"async\"  src=\"http:\/\/www.federation-belge-de-genealogie.geneafrancobelge.eu\/wp-content\/uploads\/2020\/03\/cropped-Li\u00e8ge-1.jpg\" data-size=\"542x360\"><\/div> <div  class=\"overlay bg-color1\"><\/div> <div  class=\"swap-inner col-xs-12\"> <div  class=\"row full-height-row middle-xs middle-sm\"> <div  class=\"col-xs-12 text-center content-holder\"> <a  href=\"#\" target=\"_self\" rel=\"noopener noreferrer\"><i  class=\"fa icon portfolio-icon fa-search big\" aria-hidden=\"true\"><\/i><\/a><\/div> <\/div><\/div> <\/div><\/div> <\/div><\/div> <\/div><div  class=\"testimonials-5 content-section content-section-spacing\" id=\"testimonials-5\" style=\"background-color: rgb(245, 250, 253);\" data-id=\"testimonials-5\" data-export-id=\"testimonials-5\" data-category=\"testimonials\" data-label=\"Testimonials\"><div  class=\"gridContainer\"> <div  class=\"row\"><div  class=\"section-title-col\" data-type=\"column\"><h2  class=\"\">T\u00e9moignage de nos clients<\/h2> <p  class=\"lead\">Nos clients g\u00e9n\u00e9alogistes<\/p><\/div> <\/div> <div  class=\"row spaced-cols content-center-sm\" data-type=\"row\"> <div  class=\"col-sm-4\"> <div  class=\"card y-move bordered\" data-type=\"column\"> <i  class=\"fa fa-quote-right icon color1 small quotation-icon\"><\/i> <p  class=\"text-center\">Ma g\u00e9n\u00e9alogie a bien avanc\u00e9 gr\u00e2ce \u00e0 l\u2019association<\/p> <img decoding=\"async\"  title=\"cropped-aurelien.jpg\" class=\"round icon\" alt=\"\" src=\"http:\/\/www.federation-belge-de-genealogie.geneafrancobelge.eu\/wp-content\/uploads\/2020\/03\/cropped-aurelien.jpg\"> <h6  class=\"\">Claude L\u00e9vy<\/h6> <p  class=\"small italic\"><\/p><\/div> <\/div> <div  class=\"col-sm-4\"> <div  class=\"card y-move bordered\" data-type=\"column\"> <i  class=\"fa fa-quote-right icon color1 small quotation-icon\"><\/i> <p  class=\"text-center\">J\u2019ai retrouv\u00e9 mes anc\u00eatres<\/p> <img decoding=\"async\"  title=\"cropped-fabrice.jpg\" class=\"round icon\" alt=\"\" src=\"http:\/\/www.federation-belge-de-genealogie.geneafrancobelge.eu\/wp-content\/uploads\/2020\/03\/cropped-fabrice.jpg\"> <h6  class=\"\">Fabrice Soulet<\/h6> <p  class=\"small italic\"><\/p><\/div> <\/div> <div  class=\"col-sm-4\"> <div  class=\"card y-move bordered\" data-type=\"column\"> <i  class=\"fa fa-quote-right icon color1 small quotation-icon\"><\/i> <p  class=\"text-center\">Je viens de commencer ma g\u00e9n\u00e9alogie<\/p> <img decoding=\"async\"  title=\"cropped-isabelle.jpg\" class=\"round icon\" alt=\"\" src=\"http:\/\/www.federation-belge-de-genealogie.geneafrancobelge.eu\/wp-content\/uploads\/2020\/03\/cropped-isabelle.jpg\"> <h6  class=\"\">Nathalie Granet<\/h6> <p  class=\"small italic\"><\/p><\/div> <\/div><\/div> <\/div><\/div><div  class=\"counters-2 content-section content-section-spacing\" id=\"counters-2\" style=\"background-color: rgb(255, 255, 255);\" data-id=\"counters-2\" data-export-id=\"counters-2\" data-category=\"counters\" data-label=\"Counters\"><div  class=\"gridContainer\"> <div  class=\"row text-center\"><div  class=\"section-title-col\" data-type=\"column\"><h2  class=\"\">Nos chiffres<\/h2> <p  class=\"lead\"><\/p><\/div> <\/div> <div  class=\"row\" data-type=\"row\"> <div  class=\"col-xs-12 col-sm-4 text-center space-bottom\"> <i  class=\"fa fa-envira icon color1\"><\/i> <h3  class=\"font-400\" style=\"display: inline-block;\" data-countup=\"true\" data-min=\"0\" data-max=\"80\" data-duration=\"2000\" data-prefix=\"\" data-suffix=\"+\"><\/h3> <h5  class=\"upper color2\">Bases de donn\u00e9es<\/h5><\/div> <div  class=\"col-xs-12 col-sm-4 text-center space-bottom\"><i  class=\"fa fa-smile-o icon color1\"><\/i> <h3  class=\"font-400\" style=\"display: inline-block;\" data-countup=\"true\" data-min=\"10000\" data-max=\"15000\" data-duration=\"2000\" data-prefix=\"\" data-suffix=\"+\"><\/h3> <h5  class=\"upper color2\">Nombre de G\u00e9n\u00e9alogistes&nbsp;<\/h5><\/div> <div  class=\"col-xs-12 col-sm-4 text-center space-bottom\"><i  class=\"fa fa-trophy icon color1\"><\/i> <h3  class=\"font-400\" style=\"display: inline-block;\" data-countup=\"true\" data-min=\"0\" data-max=\"10\" data-duration=\"2000\" data-prefix=\"\" data-suffix=\"+\"><\/h3> <h5  class=\"upper color2\">Nombre d\u2019union<\/h5><\/div> <\/div><\/div> <\/div><div  class=\"cta-blue-section content-section content-section-spacing-medium bg-color1 white-text\" id=\"cta-1\" data-id=\"cta-blue-section\" data-export-id=\"cta-blue-section\" data-category=\"cta\" data-label=\"Cta\"><div  class=\"gridContainer\"> <div  class=\"row middle-xs\"><div  class=\"col-sm-8 space-bottom-xs\" data-type=\"column\"><h2  class=\"\">Venez nous retrouver<\/h2> <\/div> <div  class=\"col-sm-4 end-sm\" data-type=\"column\"> <a  class=\"button color2\" href=\"https:\/\/geneafrancobelge.eu\" target=\"_self\" data-cp-link=\"1\" rel=\"noopener noreferrer\">Lancez-vous<\/a><\/div> <\/div><\/div> <\/div><div  class=\"team-2 content-section content-section-spacing\" id=\"team-2\" style=\"background-color: rgb(255, 255, 255);\" data-id=\"team-2\" data-export-id=\"team-2\" data-category=\"team\" data-label=\"Team\"><div  class=\"gridContainer\"> <div  class=\"row text-center\"><div  class=\"section-title-col\" data-type=\"column\"><h2  class=\"\">F\u00e9d\u00e9ration Belge de G\u00e9n\u00e9alogie<\/h2> <p  class=\"lead\">Union des associations adh\u00e9rentes.<\/p><\/div> <\/div> <div  class=\"row spaced-cols content-center-sm\" data-type=\"row\"> <div  class=\"col-sm-6 col-md-3\"> <div  class=\"card y-move no-padding bordered\"> <img decoding=\"async\"  title=\"b-hainaut\" class=\"face\" alt=\"\" src=\"http:\/\/www.federation-belge-de-genealogie.geneafrancobelge.eu\/wp-content\/uploads\/2020\/03\/b-hainaut.png\"> <div  class=\"col-padding-small col-padding-small-xs description-container\" data-type=\"column\"> <h4  class=\"font-500\">Union R\u00e9gional de la Province du Hainaut<\/h4> <p  class=\"small\" style=\"font-style: italic;\"><\/p> <div  class=\"social-icons-group\" data-type=\"group\"> <a  href=\"#\" target=\"_self\" data-reiki-hidden=\"true\" rel=\"noopener noreferrer\"><i  class=\"gray fa icon fa-facebook-square\"><\/i><\/a> <a  href=\"#\" target=\"_self\" data-reiki-hidden=\"true\" rel=\"noopener noreferrer\"><i  class=\"gray fa icon fa-twitter-square\"><\/i><\/a> <a  href=\"#\" target=\"_self\" data-reiki-hidden=\"true\" rel=\"noopener noreferrer\"><i  class=\"gray fa icon fa-linkedin-square\"><\/i><\/a> <a  href=\"#\" target=\"_self\" data-reiki-hidden=\"true\" rel=\"noopener noreferrer\"><i  class=\"gray fa icon fa-google-plus-square\"><\/i><\/a><\/div> <a  class=\"link\" href=\"http:\/\/www.federation-belge-de-genealogie.geneafrancobelge.eu\/index.php\/union-regional-de-la-province-du-hainaut\" target=\"_self\" data-cp-link=\"1\" rel=\"noopener noreferrer\">Voir le site<\/a><\/div><\/div> <\/div> <div  class=\"col-sm-6 col-md-3\"> <div  class=\"card y-move no-padding bordered\"> <img decoding=\"async\"  title=\"b-namur\" class=\"face\" alt=\"\" src=\"http:\/\/www.federation-belge-de-genealogie.geneafrancobelge.eu\/wp-content\/uploads\/2020\/03\/b-namur.png\"> <div  class=\"col-padding-small col-padding-small-xs description-container\" data-type=\"column\"> <h4  class=\"font-500\">Union Regional Genealogique de la Province de Namur<\/h4> <p  class=\"small\" style=\"font-style: italic;\"><\/p> <div  class=\"social-icons-group\" data-type=\"group\"> <a  href=\"#\"><i  class=\"gray fa icon fa-facebook-square small\"><\/i><\/a> <a  href=\"#\"><i  class=\"gray fa icon fa-twitter-square small\"><\/i><\/a> <a  href=\"#\"><i  class=\"gray fa icon fa-linkedin-square small\"><\/i><\/a> <a  href=\"#\"><i  class=\"gray fa icon fa-google-plus-square small\"><\/i><\/a><\/div> <\/div><\/div> <\/div> <div  class=\"col-sm-6 col-md-3\"> <div  class=\"card y-move no-padding bordered\"> <img decoding=\"async\"  title=\"b-liege\" class=\"face\" alt=\"\" src=\"http:\/\/www.federation-belge-de-genealogie.geneafrancobelge.eu\/wp-content\/uploads\/2020\/03\/b-liege.png\"> <div  class=\"col-padding-small col-padding-small-xs description-container\" data-type=\"column\"> <h4  class=\"font-500\">Union R\u00e9gional de la Province de Li\u00e8ge<\/h4> <p  class=\"small\" style=\"font-style: italic;\"><\/p> <div  class=\"social-icons-group\" data-type=\"group\"> <a  href=\"#\"><i  class=\"gray fa icon fa-facebook-square small\"><\/i><\/a> <a  href=\"#\"><i  class=\"gray fa icon fa-twitter-square small\"><\/i><\/a> <a  href=\"#\"><i  class=\"gray fa icon fa-linkedin-square small\"><\/i><\/a> <a  href=\"#\"><i  class=\"gray fa icon fa-google-plus-square small\"><\/i><\/a><\/div> <\/div><\/div> <\/div> <div  class=\"col-sm-6 col-md-3\"> <div  class=\"card y-move no-padding bordered\"> <img decoding=\"async\"  title=\"b-brabant wallon\" class=\"face\" alt=\"\" src=\"http:\/\/www.federation-belge-de-genealogie.geneafrancobelge.eu\/wp-content\/uploads\/2020\/03\/b-brabant-wallon.png\"> <div  class=\"col-padding-small col-padding-small-xs description-container\" data-type=\"column\"> <h4  class=\"font-500\">Union Regional Genealogique de la Province du Brabant Wallon <\/h4> <p  class=\"small\" style=\"font-style: italic;\"><\/p> <div  class=\"social-icons-group\" data-type=\"group\"> <a  href=\"#\"><i  class=\"gray fa icon fa-facebook-square small\"><\/i><\/a> <a  href=\"#\"><i  class=\"gray fa icon fa-twitter-square small\"><\/i><\/a> <a  href=\"#\"><i  class=\"gray fa icon fa-linkedin-square small\"><\/i><\/a> <a  href=\"#\"><i  class=\"gray fa icon fa-google-plus-square small\"><\/i><\/a><\/div> <\/div><\/div> <\/div> <div  class=\"col-sm-6 col-md-3\"> <div  class=\"card y-move no-padding bordered\"> <img decoding=\"async\"  title=\"b-luxembourg\" class=\"face\" alt=\"\" src=\"http:\/\/www.federation-belge-de-genealogie.geneafrancobelge.eu\/wp-content\/uploads\/2020\/03\/b-luxembourg.png\"> <div  class=\"col-padding-small col-padding-small-xs description-container\" data-type=\"column\"> <h4  class=\"font-500\">Union Regional Genealogique de la Province du Luxembourg <\/h4> <p  class=\"small\" style=\"font-style: italic;\"><\/p> <div  class=\"social-icons-group\" data-type=\"group\"> <a  href=\"#\"><i  class=\"gray fa icon fa-facebook-square small\"><\/i><\/a> <a  href=\"#\"><i  class=\"gray fa icon fa-twitter-square small\"><\/i><\/a> <a  href=\"#\"><i  class=\"gray fa icon fa-linkedin-square small\"><\/i><\/a> <a  href=\"#\"><i  class=\"gray fa icon fa-google-plus-square small\"><\/i><\/a><\/div> <\/div><\/div> <\/div> <div  class=\"col-sm-6 col-md-3\"> <div  class=\"card y-move no-padding bordered\"> <img decoding=\"async\"  title=\"b-flandre occidentale\" class=\"face\" alt=\"\" src=\"http:\/\/www.federation-belge-de-genealogie.geneafrancobelge.eu\/wp-content\/uploads\/2020\/03\/b-flandre-occidentale.png\"> <div  class=\"col-padding-small col-padding-small-xs description-container\" data-type=\"column\"> <h4  class=\"font-500\">Union G\u00e9n\u00e9alogique de Flandre Occidentale<\/h4> <p  class=\"small\" style=\"font-style: italic;\"><\/p> <div  class=\"social-icons-group\" data-type=\"group\"> <a  href=\"#\"><i  class=\"gray fa icon fa-facebook-square small\"><\/i><\/a> <a  href=\"#\"><i  class=\"gray fa icon fa-twitter-square small\"><\/i><\/a> <a  href=\"#\"><i  class=\"gray fa icon fa-linkedin-square small\"><\/i><\/a> <a  href=\"#\"><i  class=\"gray fa icon fa-google-plus-square small\"><\/i><\/a><\/div> <\/div><\/div> <\/div> <div  class=\"col-sm-6 col-md-3\"> <div  class=\"card y-move no-padding bordered\"> <img decoding=\"async\"  title=\"b-flandre orientale\" class=\"face\" alt=\"\" src=\"http:\/\/www.federation-belge-de-genealogie.geneafrancobelge.eu\/wp-content\/uploads\/2020\/03\/b-flandre-orientale.png\"> <div  class=\"col-padding-small col-padding-small-xs description-container\" data-type=\"column\"> <h4  class=\"font-500\">Union G\u00e9n\u00e9alogique de Flandre Orientale <\/h4> <p  class=\"small\" style=\"font-style: italic;\"><\/p> <div  class=\"social-icons-group\" data-type=\"group\"> <a  href=\"#\"><i  class=\"gray fa icon fa-facebook-square small\"><\/i><\/a> <a  href=\"#\"><i  class=\"gray fa icon fa-twitter-square small\"><\/i><\/a> <a  href=\"#\"><i  class=\"gray fa icon fa-linkedin-square small\"><\/i><\/a> <a  href=\"#\"><i  class=\"gray fa icon fa-google-plus-square small\"><\/i><\/a><\/div> <\/div><\/div> <\/div> <div  class=\"col-sm-6 col-md-3\"> <div  class=\"card y-move no-padding bordered\"> <img decoding=\"async\"  title=\"b-limbourg\" class=\"face\" alt=\"\" src=\"http:\/\/www.federation-belge-de-genealogie.geneafrancobelge.eu\/wp-content\/uploads\/2020\/03\/b-limbourg.png\"> <div  class=\"col-padding-small col-padding-small-xs description-container\" data-type=\"column\"> <h4  class=\"font-500\">Union G\u00e9n\u00e9alogique du Limbourg <\/h4> <p  class=\"small\" style=\"font-style: italic;\"><\/p> <div  class=\"social-icons-group\" data-type=\"group\"> <a  href=\"#\"><i  class=\"gray fa icon fa-facebook-square small\"><\/i><\/a> <a  href=\"#\"><i  class=\"gray fa icon fa-twitter-square small\"><\/i><\/a> <a  href=\"#\"><i  class=\"gray fa icon fa-linkedin-square small\"><\/i><\/a> <a  href=\"#\"><i  class=\"gray fa icon fa-google-plus-square small\"><\/i><\/a><\/div> <\/div><\/div> <\/div><\/div> <\/div><\/div><div  class=\"blog-section blog-section-standard content-section content-section-spacing\" id=\"latest-news-1\" style=\"background-color: rgb(245, 250, 253);\" data-id=\"blog-section\" data-export-id=\"blog-section\" data-category=\"latest_news\" data-label=\"Latest-news\"><div  class=\"gridContainer\"> <div  class=\"row\"><div  class=\"section-title-col\" data-type=\"column\"><h2  class=\"\">Derni\u00e8res nouvelles<\/h2> <p  class=\"lead\">Les derni\u00e8res nouvelles de notre blog<\/p><\/div> <\/div> <div  class=\"row\"> <div  data-type=\"row\" data-content-shortcode=\"mesmerize_latest_news\" data-dynamic-columns=\"handled\">        <div class=\"row center-sm content-left-sm\">\n                    <div id=\"post-782\" class=\"col-sm-6 col-md-4 space-bottom space-bottom-xs\">\n                <div class=\"post-content card y-move bordered\">\n                        <div class=\"post-thumbnail\">\n        <a href=\"https:\/\/www.federation-belge-de-genealogie.geneafrancobelge.eu\/index.php\/2025\/06\/13\/20-ans-des-rendez-vous-de-la-genealogie-campeneac-56-les-19-et-20-juillet-2025\/\" class=\"post-list-item-thumb \">\n            <img loading=\"lazy\" decoding=\"async\" width=\"874\" height=\"1240\" src=\"https:\/\/www.federation-belge-de-genealogie.geneafrancobelge.eu\/wp-content\/uploads\/2025\/06\/Pages-de-affichecampeneac2025_Recto1v2.jpg\" class=\"attachment-post-thumbnail size-post-thumbnail wp-post-image\" alt=\"\" srcset=\"https:\/\/www.federation-belge-de-genealogie.geneafrancobelge.eu\/wp-content\/uploads\/2025\/06\/Pages-de-affichecampeneac2025_Recto1v2.jpg 874w, https:\/\/www.federation-belge-de-genealogie.geneafrancobelge.eu\/wp-content\/uploads\/2025\/06\/Pages-de-affichecampeneac2025_Recto1v2-211x300.jpg 211w, https:\/\/www.federation-belge-de-genealogie.geneafrancobelge.eu\/wp-content\/uploads\/2025\/06\/Pages-de-affichecampeneac2025_Recto1v2-722x1024.jpg 722w, https:\/\/www.federation-belge-de-genealogie.geneafrancobelge.eu\/wp-content\/uploads\/2025\/06\/Pages-de-affichecampeneac2025_Recto1v2-768x1090.jpg 768w, https:\/\/www.federation-belge-de-genealogie.geneafrancobelge.eu\/wp-content\/uploads\/2025\/06\/Pages-de-affichecampeneac2025_Recto1v2-761x1080.jpg 761w\" sizes=\"(max-width: 874px) 100vw, 874px\" \/>        <\/a>\n    <\/div>\n                        <div class=\"col-padding col-padding-xs\">\n                        <h3 class=\"post-title space-bottom-small\">\n                            <a href=\"https:\/\/www.federation-belge-de-genealogie.geneafrancobelge.eu\/index.php\/2025\/06\/13\/20-ans-des-rendez-vous-de-la-genealogie-campeneac-56-les-19-et-20-juillet-2025\/\" rel=\"bookmark\">\n                                20 ans des Rendez-vous de la G\u00e9n\u00e9alogie Camp\u00e9n\u00e9ac (56) les 19 et 20 juillet 2025                            <\/a>\n                        <\/h3>\n                        <p>L\u2019exposition \u00ab Les sapeurs-pompiers de Camp\u00e9n\u00e9ac\u00bb sera pr\u00e9sent\u00e9e \u00e0 la salle des sports&nbsp; les 19 et 20 juillet 2025 R\u00e9alis\u00e9e par l\u2019association Histoire et g\u00e9n\u00e9alogie de Camp\u00e9n\u00e9ac et des environs,[&hellip;]<\/p>\n<div style=\"padding-bottom:20px; padding-top:10px;\" class=\"hupso-share-buttons\"><!-- Hupso Share Buttons - https:\/\/www.hupso.com\/share\/ --><a class=\"hupso_toolbar\" href=\"https:\/\/www.hupso.com\/share\/\"><img decoding=\"async\" src=\"https:\/\/static.hupso.com\/share\/buttons\/lang\/fr\/share-medium.png\" style=\"border:0px; padding-top: 5px; float:left;\" alt=\"Share Button\"\/><\/a><script type=\"text\/javascript\">var hupso_services_t=new Array(\"Twitter\",\"Facebook\",\"Pinterest\",\"Linkedin\",\"StumbleUpon\",\"Digg\",\"Reddit\",\"Bebo\",\"Delicious\");var hupso_background_t=\"#EAF4FF\";var hupso_border_t=\"#66CCFF\";var hupso_toolbar_size_t=\"medium\";var hupso_image_folder_url = \"\";var hupso_url_t=\"\";var hupso_title_t=\"20%20ans%20des%20Rendez-vous%20de%20la%20G%C3%A9n%C3%A9alogie%20Camp%C3%A9n%C3%A9ac%20%2856%29%20les%2019%20et%2020%20juillet%202025\";<\/script><script type=\"text\/javascript\" src=\"https:\/\/static.hupso.com\/share\/js\/share_toolbar.js\"><\/script><!-- Hupso Share Buttons --><\/div>                        <a class=\"read-more link\" href=\"https:\/\/www.federation-belge-de-genealogie.geneafrancobelge.eu\/index.php\/2025\/06\/13\/20-ans-des-rendez-vous-de-la-genealogie-campeneac-56-les-19-et-20-juillet-2025\/\">\n                            Read more                        <\/a>\n                    <\/div>\n                <\/div>\n            <\/div>\n                    <div id=\"post-778\" class=\"col-sm-6 col-md-4 space-bottom space-bottom-xs\">\n                <div class=\"post-content card y-move bordered\">\n                        <div class=\"post-thumbnail\">\n        <a href=\"https:\/\/www.federation-belge-de-genealogie.geneafrancobelge.eu\/index.php\/2023\/03\/04\/rendez-vous-de-la-genealogie-a-campeneac-56-les-15-et-16-juillet-2023\/\" class=\"post-list-item-thumb \">\n            <img loading=\"lazy\" decoding=\"async\" width=\"1024\" height=\"1453\" src=\"https:\/\/www.federation-belge-de-genealogie.geneafrancobelge.eu\/wp-content\/uploads\/2023\/03\/affichecampeneac2023_Mise-en-page-1-1024x1453.jpg\" class=\"attachment-post-thumbnail size-post-thumbnail wp-post-image\" alt=\"\" srcset=\"https:\/\/www.federation-belge-de-genealogie.geneafrancobelge.eu\/wp-content\/uploads\/2023\/03\/affichecampeneac2023_Mise-en-page-1-1024x1453.jpg 1024w, https:\/\/www.federation-belge-de-genealogie.geneafrancobelge.eu\/wp-content\/uploads\/2023\/03\/affichecampeneac2023_Mise-en-page-1-211x300.jpg 211w, https:\/\/www.federation-belge-de-genealogie.geneafrancobelge.eu\/wp-content\/uploads\/2023\/03\/affichecampeneac2023_Mise-en-page-1-722x1024.jpg 722w, https:\/\/www.federation-belge-de-genealogie.geneafrancobelge.eu\/wp-content\/uploads\/2023\/03\/affichecampeneac2023_Mise-en-page-1-768x1090.jpg 768w, https:\/\/www.federation-belge-de-genealogie.geneafrancobelge.eu\/wp-content\/uploads\/2023\/03\/affichecampeneac2023_Mise-en-page-1-1083x1536.jpg 1083w, https:\/\/www.federation-belge-de-genealogie.geneafrancobelge.eu\/wp-content\/uploads\/2023\/03\/affichecampeneac2023_Mise-en-page-1-1443x2048.jpg 1443w, https:\/\/www.federation-belge-de-genealogie.geneafrancobelge.eu\/wp-content\/uploads\/2023\/03\/affichecampeneac2023_Mise-en-page-1-761x1080.jpg 761w, https:\/\/www.federation-belge-de-genealogie.geneafrancobelge.eu\/wp-content\/uploads\/2023\/03\/affichecampeneac2023_Mise-en-page-1-scaled.jpg 1804w\" sizes=\"(max-width: 1024px) 100vw, 1024px\" \/>        <\/a>\n    <\/div>\n                        <div class=\"col-padding col-padding-xs\">\n                        <h3 class=\"post-title space-bottom-small\">\n                            <a href=\"https:\/\/www.federation-belge-de-genealogie.geneafrancobelge.eu\/index.php\/2023\/03\/04\/rendez-vous-de-la-genealogie-a-campeneac-56-les-15-et-16-juillet-2023\/\" rel=\"bookmark\">\n                                Rendez-vous de la G\u00e9n\u00e9alogie \u00e0 Camp\u00e9n\u00e9ac (56) les 15 et 16 juillet 2023                            <\/a>\n                        <\/h3>\n                        <div style=\"padding-bottom:20px; padding-top:10px;\" class=\"hupso-share-buttons\"><!-- Hupso Share Buttons - https:\/\/www.hupso.com\/share\/ --><a class=\"hupso_toolbar\" href=\"https:\/\/www.hupso.com\/share\/\"><img decoding=\"async\" src=\"https:\/\/static.hupso.com\/share\/buttons\/lang\/fr\/share-medium.png\" style=\"border:0px; padding-top: 5px; float:left;\" alt=\"Share Button\"\/><\/a><script type=\"text\/javascript\">var hupso_services_t=new Array(\"Twitter\",\"Facebook\",\"Pinterest\",\"Linkedin\",\"StumbleUpon\",\"Digg\",\"Reddit\",\"Bebo\",\"Delicious\");var hupso_background_t=\"#EAF4FF\";var hupso_border_t=\"#66CCFF\";var hupso_toolbar_size_t=\"medium\";var hupso_image_folder_url = \"\";var hupso_url_t=\"\";var hupso_title_t=\"Rendez-vous%20de%20la%20G%C3%A9n%C3%A9alogie%20%C3%A0%20Camp%C3%A9n%C3%A9ac%20%2856%29%20les%2015%20et%2016%20juillet%202023\";<\/script><script type=\"text\/javascript\" src=\"https:\/\/static.hupso.com\/share\/js\/share_toolbar.js\"><\/script><!-- Hupso Share Buttons --><\/div>                        <a class=\"read-more link\" href=\"https:\/\/www.federation-belge-de-genealogie.geneafrancobelge.eu\/index.php\/2023\/03\/04\/rendez-vous-de-la-genealogie-a-campeneac-56-les-15-et-16-juillet-2023\/\">\n                            Read more                        <\/a>\n                    <\/div>\n                <\/div>\n            <\/div>\n                    <div id=\"post-774\" class=\"col-sm-6 col-md-4 space-bottom space-bottom-xs\">\n                <div class=\"post-content card y-move bordered\">\n                        <div class=\"post-thumbnail\">\n        <a href=\"https:\/\/www.federation-belge-de-genealogie.geneafrancobelge.eu\/index.php\/2022\/07\/01\/genealogie-magazine-fete-ses-40-ans-et-offre-40-de-remise\/\" class=\"post-list-item-thumb \">\n            <img loading=\"lazy\" decoding=\"async\" width=\"1024\" height=\"1447\" src=\"https:\/\/www.federation-belge-de-genealogie.geneafrancobelge.eu\/wp-content\/uploads\/2022\/07\/Affiche40ans-1024x1447.jpg\" class=\"attachment-post-thumbnail size-post-thumbnail wp-post-image\" alt=\"\" srcset=\"https:\/\/www.federation-belge-de-genealogie.geneafrancobelge.eu\/wp-content\/uploads\/2022\/07\/Affiche40ans-1024x1447.jpg 1024w, https:\/\/www.federation-belge-de-genealogie.geneafrancobelge.eu\/wp-content\/uploads\/2022\/07\/Affiche40ans-212x300.jpg 212w, https:\/\/www.federation-belge-de-genealogie.geneafrancobelge.eu\/wp-content\/uploads\/2022\/07\/Affiche40ans-725x1024.jpg 725w, https:\/\/www.federation-belge-de-genealogie.geneafrancobelge.eu\/wp-content\/uploads\/2022\/07\/Affiche40ans-768x1085.jpg 768w, https:\/\/www.federation-belge-de-genealogie.geneafrancobelge.eu\/wp-content\/uploads\/2022\/07\/Affiche40ans-1087x1536.jpg 1087w, https:\/\/www.federation-belge-de-genealogie.geneafrancobelge.eu\/wp-content\/uploads\/2022\/07\/Affiche40ans-764x1080.jpg 764w, https:\/\/www.federation-belge-de-genealogie.geneafrancobelge.eu\/wp-content\/uploads\/2022\/07\/Affiche40ans.jpg 1241w\" sizes=\"(max-width: 1024px) 100vw, 1024px\" \/>        <\/a>\n    <\/div>\n                        <div class=\"col-padding col-padding-xs\">\n                        <h3 class=\"post-title space-bottom-small\">\n                            <a href=\"https:\/\/www.federation-belge-de-genealogie.geneafrancobelge.eu\/index.php\/2022\/07\/01\/genealogie-magazine-fete-ses-40-ans-et-offre-40-de-remise\/\" rel=\"bookmark\">\n                                G\u00e9n\u00e9alogie Magazine f\u00eate ses 40 ans et offre 40 % de remise                            <\/a>\n                        <\/h3>\n                        <p>G\u00e9n\u00e9alogie magazine f\u00eate cette ann\u00e9e ses 40 ans et va publier son num\u00e9ro 400. Ce n&#8217;est qu&#8217;un petit \u00e9v\u00e9nement en cette p\u00e9riode agit\u00e9e de guerre et d&#8217;\u00e9lections, mais il m\u00e9rite[&hellip;]<\/p>\n<div style=\"padding-bottom:20px; padding-top:10px;\" class=\"hupso-share-buttons\"><!-- Hupso Share Buttons - https:\/\/www.hupso.com\/share\/ --><a class=\"hupso_toolbar\" href=\"https:\/\/www.hupso.com\/share\/\"><img decoding=\"async\" src=\"https:\/\/static.hupso.com\/share\/buttons\/lang\/fr\/share-medium.png\" style=\"border:0px; padding-top: 5px; float:left;\" alt=\"Share Button\"\/><\/a><script type=\"text\/javascript\">var hupso_services_t=new Array(\"Twitter\",\"Facebook\",\"Pinterest\",\"Linkedin\",\"StumbleUpon\",\"Digg\",\"Reddit\",\"Bebo\",\"Delicious\");var hupso_background_t=\"#EAF4FF\";var hupso_border_t=\"#66CCFF\";var hupso_toolbar_size_t=\"medium\";var hupso_image_folder_url = \"\";var hupso_url_t=\"\";var hupso_title_t=\"G%C3%A9n%C3%A9alogie%20Magazine%20f%C3%AAte%20ses%2040%20ans%20et%20offre%2040%20%25%20de%20remise\";<\/script><script type=\"text\/javascript\" src=\"https:\/\/static.hupso.com\/share\/js\/share_toolbar.js\"><\/script><!-- Hupso Share Buttons --><\/div>                        <a class=\"read-more link\" href=\"https:\/\/www.federation-belge-de-genealogie.geneafrancobelge.eu\/index.php\/2022\/07\/01\/genealogie-magazine-fete-ses-40-ans-et-offre-40-de-remise\/\">\n                            Read more                        <\/a>\n                    <\/div>\n                <\/div>\n            <\/div>\n            <\/div>\n    <\/div><\/div> <div  class=\"row\"><div  class=\"text-center\"> <a  class=\"button color1\" href=\"https:\/\/www.federation-belge-de-genealogie.geneafrancobelge.eu\/index.php\/blog\/\" data-attr-shortcode=\"href:mesmerize_blog_link\">LES DERNIERS MESSAGE DU BLOG<\/a><\/div> <\/div><\/div><\/div><div  class=\"contact-1 content-section content-section-spacing white-text\" id=\"contact-1\" style=\"background-position: top; background-image: url(&quot;http:\/\/www.federation-belge-de-genealogie.geneafrancobelge.eu\/wp-content\/uploads\/2020\/03\/cimetiere_militaire_belge.jpg&quot;); background-size: cover;\" data-id=\"contact-1\" data-parallax-depth=\"20\" data-export-id=\"contact-1\" data-category=\"contact\" data-label=\"Contact\"><div  class=\"gridContainer\"> <div  class=\"row text-center\"><div  class=\"section-title-col\" data-type=\"column\"> <h2  class=\"\">Contact&nbsp;<\/h2><p  class=\"lead\">Vous pouvez nous contacter<\/p><\/div> <\/div> <div  class=\"row text-center\"> <div  class=\"col-xs-12 col-sm-8 col-sm-offset-2 contact-form-wrapper inline-info\"> <div  class=\"card large-padding\"> <div  data-content-shortcode=\"mesmerize_contact_form shortcode=&quot;contact-form-7 id=&amp;amp;quot;531&amp;amp;quot; title=&amp;amp;quot;Formulaire de contact 1&amp;amp;quot;&quot;\" data-editable=\"true\"><div role=\"form\" class=\"wpcf7\" id=\"wpcf7-f531-o1\" lang=\"fr-FR\" dir=\"ltr\">\n<div class=\"screen-reader-response\"><p role=\"status\" aria-live=\"polite\" aria-atomic=\"true\"><\/p> <ul><\/ul><\/div>\n<form action=\"\/index.php\/wp-json\/wp\/v2\/pages\/40#wpcf7-f531-o1\" method=\"post\" class=\"wpcf7-form init\" novalidate=\"novalidate\" data-status=\"init\">\n<div style=\"display: none;\">\n<input type=\"hidden\" name=\"_wpcf7\" value=\"531\" \/>\n<input type=\"hidden\" name=\"_wpcf7_version\" value=\"5.3.2\" \/>\n<input type=\"hidden\" name=\"_wpcf7_locale\" value=\"fr_FR\" \/>\n<input type=\"hidden\" name=\"_wpcf7_unit_tag\" value=\"wpcf7-f531-o1\" \/>\n<input type=\"hidden\" name=\"_wpcf7_container_post\" value=\"0\" \/>\n<input type=\"hidden\" name=\"_wpcf7_posted_data_hash\" value=\"\" \/>\n<\/div>\n<p><label> Votre nom (obligatoire)<br \/>\n    <span class=\"wpcf7-form-control-wrap your-name\"><input type=\"text\" name=\"your-name\" value=\"\" size=\"40\" class=\"wpcf7-form-control wpcf7-text wpcf7-validates-as-required\" aria-required=\"true\" aria-invalid=\"false\" \/><\/span> <\/label><\/p>\n<p><label> Votre adresse de messagerie (obligatoire)<br \/>\n    <span class=\"wpcf7-form-control-wrap your-email\"><input type=\"email\" name=\"your-email\" value=\"\" size=\"40\" class=\"wpcf7-form-control wpcf7-text wpcf7-email wpcf7-validates-as-required wpcf7-validates-as-email\" aria-required=\"true\" aria-invalid=\"false\" \/><\/span> <\/label><\/p>\n<p><label> Objet<br \/>\n    <span class=\"wpcf7-form-control-wrap your-subject\"><input type=\"text\" name=\"your-subject\" value=\"\" size=\"40\" class=\"wpcf7-form-control wpcf7-text\" aria-invalid=\"false\" \/><\/span> <\/label><\/p>\n<p><label> Votre message<br \/>\n    <span class=\"wpcf7-form-control-wrap your-message\"><textarea name=\"your-message\" cols=\"40\" rows=\"10\" class=\"wpcf7-form-control wpcf7-textarea\" aria-invalid=\"false\"><\/textarea><\/span> <\/label><\/p>\n<p><input type=\"submit\" value=\"Envoyer\" class=\"wpcf7-form-control wpcf7-submit\" \/><\/p>\n<div class=\"wpcf7-response-output\" aria-hidden=\"true\"><\/div><\/form><\/div><\/div><\/div> <\/div><\/div> <\/div><\/div><div style=\"padding-bottom:20px; padding-top:10px;\" class=\"hupso-share-buttons\"><!-- Hupso Share Buttons - https:\/\/www.hupso.com\/share\/ --><a class=\"hupso_toolbar\" href=\"https:\/\/www.hupso.com\/share\/\"><img decoding=\"async\" src=\"https:\/\/static.hupso.com\/share\/buttons\/lang\/fr\/share-medium.png\" style=\"border:0px; padding-top: 5px; float:left;\" alt=\"Share Button\"\/><\/a><script type=\"text\/javascript\">var hupso_services_t=new Array(\"Twitter\",\"Facebook\",\"Pinterest\",\"Linkedin\",\"StumbleUpon\",\"Digg\",\"Reddit\",\"Bebo\",\"Delicious\");var hupso_background_t=\"#EAF4FF\";var hupso_border_t=\"#66CCFF\";var hupso_toolbar_size_t=\"medium\";var hupso_image_folder_url = \"\";var hupso_url_t=\"\";var hupso_title_t=\"Front%20Page\";<\/script><script type=\"text\/javascript\" src=\"https:\/\/static.hupso.com\/share\/js\/share_toolbar.js\"><\/script><!-- Hupso Share Buttons --><\/div>","protected":false},"excerpt":{"rendered":"<p>La g\u00e9n\u00e9alogie Comment retrouvez ses anc\u00eatresgeneactes.be Carte postale Plus de 14 000 cartes postales anciennesgeneactes.eu La boutique plus de 10 000 titres de livres sur la g\u00e9n\u00e9alogieLibrairie g\u00e9n\u00e9alogique les noms de famille Combien de personnes portent votre nom en Belgiquenoms de famille en belgique F\u00e9d\u00e9ration Belge de G\u00e9n\u00e9alogie La F\u00e9d\u00e9ration Belge de G\u00e9n\u00e9alogie est une&hellip; <br \/> <a class=\"read-more\" href=\"https:\/\/www.federation-belge-de-genealogie.geneafrancobelge.eu\/index.php\/2022\/07\/01\/genealogie-magazine-fete-ses-40-ans-et-offre-40-de-remise\/\">Lire la suite<\/a><\/p>\n<div style=\"padding-bottom:20px; padding-top:10px;\" class=\"hupso-share-buttons\"><!-- Hupso Share Buttons - https:\/\/www.hupso.com\/share\/ --><a class=\"hupso_toolbar\" href=\"https:\/\/www.hupso.com\/share\/\"><img src=\"https:\/\/static.hupso.com\/share\/buttons\/lang\/fr\/share-medium.png\" style=\"border:0px; padding-top: 5px; float:left;\" alt=\"Share Button\"\/><\/a><script type=\"text\/javascript\">var hupso_services_t=new Array(\"Twitter\",\"Facebook\",\"Pinterest\",\"Linkedin\",\"StumbleUpon\",\"Digg\",\"Reddit\",\"Bebo\",\"Delicious\");var hupso_background_t=\"#EAF4FF\";var hupso_border_t=\"#66CCFF\";var hupso_toolbar_size_t=\"medium\";var hupso_image_folder_url = \"\";var hupso_url_t=\"\";var hupso_title_t=\"G%C3%A9n%C3%A9alogie%20Magazine%20f%C3%AAte%20ses%2040%20ans%20et%20offre%2040%20%25%20de%20remise\";<\/script><script type=\"text\/javascript\" src=\"https:\/\/static.hupso.com\/share\/js\/share_toolbar.js\"><\/script><!-- Hupso Share Buttons --><\/div>","protected":false},"author":1,"featured_media":0,"parent":0,"menu_order":0,"comment_status":"closed","ping_status":"closed","template":"page-templates\/homepage.php","meta":{"footnotes":""},"_links":{"self":[{"href":"https:\/\/www.federation-belge-de-genealogie.geneafrancobelge.eu\/index.php\/wp-json\/wp\/v2\/pages\/40"}],"collection":[{"href":"https:\/\/www.federation-belge-de-genealogie.geneafrancobelge.eu\/index.php\/wp-json\/wp\/v2\/pages"}],"about":[{"href":"https:\/\/www.federation-belge-de-genealogie.geneafrancobelge.eu\/index.php\/wp-json\/wp\/v2\/types\/page"}],"author":[{"embeddable":true,"href":"https:\/\/www.federation-belge-de-genealogie.geneafrancobelge.eu\/index.php\/wp-json\/wp\/v2\/users\/1"}],"replies":[{"embeddable":true,"href":"https:\/\/www.federation-belge-de-genealogie.geneafrancobelge.eu\/index.php\/wp-json\/wp\/v2\/comments?post=40"}],"version-history":[{"count":24,"href":"https:\/\/www.federation-belge-de-genealogie.geneafrancobelge.eu\/index.php\/wp-json\/wp\/v2\/pages\/40\/revisions"}],"predecessor-version":[{"id":707,"href":"https:\/\/www.federation-belge-de-genealogie.geneafrancobelge.eu\/index.php\/wp-json\/wp\/v2\/pages\/40\/revisions\/707"}],"wp:attachment":[{"href":"https:\/\/www.federation-belge-de-genealogie.geneafrancobelge.eu\/index.php\/wp-json\/wp\/v2\/media?parent=40"}],"curies":[{"name":"wp","href":"https:\/\/api.w.org\/{rel}","templated":true}]}}